{"id":9152,"date":"2026-03-31T12:11:01","date_gmt":"2026-03-31T12:11:01","guid":{"rendered":"https:\/\/synerg-in.com\/projet-evenementiel\/imadis\/"},"modified":"2026-04-10T15:21:03","modified_gmt":"2026-04-10T15:21:03","slug":"imadis","status":"publish","type":"projet_evenementiel","link":"https:\/\/synerg-in.com\/fr\/projet-evenementiel\/imadis\/","title":{"rendered":"Imadis"},"content":{"rendered":"<h2>S\u00e9minaire de pr\u00e9sentation IMADIS et cocktail<\/h2>\n<p>Le <strong>27 novembre 2025<\/strong>, les \u00e9quipes d\u2019<strong>IMADIS Groupe<\/strong>, acteur national de r\u00e9f\u00e9rence en t\u00e9l\u00e9radiologie d\u2019urgence, se sont r\u00e9unies pour    <strong>un s\u00e9minaire de pr\u00e9sentation suivi d\u2019un cocktail, enti\u00e8rement organis\u00e9 par Synerg-In.<\/strong><\/p>\n<p>La premi\u00e8re partie de l\u2019\u00e9v\u00e9nement s\u2019est articul\u00e9e autour d\u2019un <strong>s\u00e9minaire de pr\u00e9sentation<\/strong>, offrant l\u2019occasion de partager les derni\u00e8res actualit\u00e9s du groupe, son expertise m\u00e9dicale et les \u00e9volutions du secteur. Les organisateurs ont veill\u00e9 au bon d\u00e9roulement des interventions, avec professionnalisme et clart\u00e9, en cr\u00e9ant un cadre propice \u00e0 l\u2019\u00e9coute et au partage d\u2019informations essentielles avec les \u00e9quipes. <\/p>\n<p>La seconde partie a pris la forme d\u2019un <strong>cocktail<\/strong>, pens\u00e9 pour favoriser une <strong>ambiance conviviale et renforcer la coh\u00e9sion entre les participants<\/strong>. La gestion logistique, la coordination des espaces et le soin apport\u00e9 \u00e0 l\u2019accueil ont cr\u00e9\u00e9 une <strong>atmosph\u00e8re d\u00e9tendue et chaleureuse<\/strong>, tout en maintenant une exp\u00e9rience de grande qualit\u00e9. <\/p>\n<p>Ce format, associant une <strong>pr\u00e9sentation structur\u00e9e<\/strong> \u00e0 un <strong>moment d\u2019\u00e9change<\/strong>, illustre comment un \u00e9v\u00e9nement <strong>peut conjuguer communication professionnelle, partage d\u2019informations et networking informel<\/strong>, en offrant aux participants une exp\u00e9rience compl\u00e8te et m\u00e9morable.<\/p>\n","protected":false},"excerpt":{"rendered":"<p>S\u00e9minaire de pr\u00e9sentation IMADIS et cocktail Le 27 novembre 2025, les \u00e9quipes d\u2019IMADIS Groupe, acteur national de r\u00e9f\u00e9rence en t\u00e9l\u00e9radiologie d\u2019urgence, se sont r\u00e9unies pour un s\u00e9minaire de pr\u00e9sentation suivi d\u2019un cocktail, enti\u00e8rement organis\u00e9 par Synerg-In. La premi\u00e8re partie de l\u2019\u00e9v\u00e9nement s\u2019est articul\u00e9e autour d\u2019un s\u00e9minaire de pr\u00e9sentation, offrant l\u2019occasion de partager les derni\u00e8res actualit\u00e9s [&hellip;]<\/p>\n","protected":false},"featured_media":9151,"template":"","meta":[],"categorie_projet":[],"tag_projet":[],"secteur":[],"class_list":["post-9152","projet_evenementiel","type-projet_evenementiel","status-publish","has-post-thumbnail","hentry"],"yoast_head":"<!-- This site is optimized with the Yoast SEO Premium plugin v27.2 (Yoast SEO v27.5) - https:\/\/yoast.com\/product\/yoast-seo-premium-wordpress\/ -->\n<title>Imadis - Synerg-In Agency<\/title>\n<meta name=\"robots\" content=\"index, follow, max-snippet:-1, max-image-preview:large, max-video-preview:-1\" \/>\n<link rel=\"canonical\" href=\"https:\/\/synerg-in.com\/fr\/projet-evenementiel\/imadis\/\" \/>\n<meta property=\"og:locale\" content=\"fr_FR\" \/>\n<meta property=\"og:type\" content=\"article\" \/>\n<meta property=\"og:title\" content=\"Imadis\" \/>\n<meta property=\"og:description\" content=\"S\u00e9minaire de pr\u00e9sentation IMADIS et cocktail Le 27 novembre 2025, les \u00e9quipes d\u2019IMADIS Groupe, acteur national de r\u00e9f\u00e9rence en t\u00e9l\u00e9radiologie d\u2019urgence, se sont r\u00e9unies pour un s\u00e9minaire de pr\u00e9sentation suivi d\u2019un cocktail, enti\u00e8rement organis\u00e9 par Synerg-In. La premi\u00e8re partie de l\u2019\u00e9v\u00e9nement s\u2019est articul\u00e9e autour d\u2019un s\u00e9minaire de pr\u00e9sentation, offrant l\u2019occasion de partager les derni\u00e8res actualit\u00e9s [&hellip;]\" \/>\n<meta property=\"og:url\" content=\"https:\/\/synerg-in.com\/fr\/projet-evenementiel\/imadis\/\" \/>\n<meta property=\"og:site_name\" content=\"Synerg-In Agency\" \/>\n<meta property=\"article:publisher\" content=\"https:\/\/www.facebook.com\/synerginagency\" \/>\n<meta property=\"article:modified_time\" content=\"2026-04-10T15:21:03+00:00\" \/>\n<meta property=\"og:image\" content=\"https:\/\/synerg-in.com\/wp-content\/uploads\/2026\/03\/06_imadis-scaled.webp\" \/>\n\t<meta property=\"og:image:width\" content=\"2560\" \/>\n\t<meta property=\"og:image:height\" content=\"1920\" \/>\n\t<meta property=\"og:image:type\" content=\"image\/jpeg\" \/>\n<meta name=\"twitter:card\" content=\"summary_large_image\" \/>\n<meta name=\"twitter:label1\" content=\"Dur\u00e9e de lecture estim\u00e9e\" \/>\n\t<meta name=\"twitter:data1\" content=\"1 minute\" \/>\n<script type=\"application\/ld+json\" class=\"yoast-schema-graph\">{\"@context\":\"https:\\\/\\\/schema.org\",\"@graph\":[{\"@type\":\"WebPage\",\"@id\":\"https:\\\/\\\/synerg-in.com\\\/fr\\\/projet-evenementiel\\\/imadis\\\/\",\"url\":\"https:\\\/\\\/synerg-in.com\\\/fr\\\/projet-evenementiel\\\/imadis\\\/\",\"name\":\"Imadis - Synerg-In Agency\",\"isPartOf\":{\"@id\":\"https:\\\/\\\/synerg-in.com\\\/fr\\\/#website\"},\"primaryImageOfPage\":{\"@id\":\"https:\\\/\\\/synerg-in.com\\\/fr\\\/projet-evenementiel\\\/imadis\\\/#primaryimage\"},\"image\":{\"@id\":\"https:\\\/\\\/synerg-in.com\\\/fr\\\/projet-evenementiel\\\/imadis\\\/#primaryimage\"},\"thumbnailUrl\":\"https:\\\/\\\/synerg-in.com\\\/wp-content\\\/uploads\\\/2026\\\/03\\\/06_imadis-scaled.webp\",\"datePublished\":\"2026-03-31T12:11:01+00:00\",\"dateModified\":\"2026-04-10T15:21:03+00:00\",\"breadcrumb\":{\"@id\":\"https:\\\/\\\/synerg-in.com\\\/fr\\\/projet-evenementiel\\\/imadis\\\/#breadcrumb\"},\"inLanguage\":\"fr-FR\",\"potentialAction\":[{\"@type\":\"ReadAction\",\"target\":[\"https:\\\/\\\/synerg-in.com\\\/fr\\\/projet-evenementiel\\\/imadis\\\/\"]}]},{\"@type\":\"ImageObject\",\"inLanguage\":\"fr-FR\",\"@id\":\"https:\\\/\\\/synerg-in.com\\\/fr\\\/projet-evenementiel\\\/imadis\\\/#primaryimage\",\"url\":\"https:\\\/\\\/synerg-in.com\\\/wp-content\\\/uploads\\\/2026\\\/03\\\/06_imadis-scaled.webp\",\"contentUrl\":\"https:\\\/\\\/synerg-in.com\\\/wp-content\\\/uploads\\\/2026\\\/03\\\/06_imadis-scaled.webp\",\"width\":2560,\"height\":1920},{\"@type\":\"BreadcrumbList\",\"@id\":\"https:\\\/\\\/synerg-in.com\\\/fr\\\/projet-evenementiel\\\/imadis\\\/#breadcrumb\",\"itemListElement\":[{\"@type\":\"ListItem\",\"position\":1,\"name\":\"Home\",\"item\":\"https:\\\/\\\/synerg-in.com\\\/fr\\\/\"},{\"@type\":\"ListItem\",\"position\":2,\"name\":\"Projets \u00e9v\u00e9nementiels\",\"item\":\"https:\\\/\\\/synerg-in.com\\\/fr\\\/projet-evenementiel\\\/\"},{\"@type\":\"ListItem\",\"position\":3,\"name\":\"Imadis\"}]},{\"@type\":\"WebSite\",\"@id\":\"https:\\\/\\\/synerg-in.com\\\/fr\\\/#website\",\"url\":\"https:\\\/\\\/synerg-in.com\\\/fr\\\/\",\"name\":\"Synerg-In Agency\",\"description\":\"The agency that boosts your brand 360\u00b0\",\"publisher\":{\"@id\":\"https:\\\/\\\/synerg-in.com\\\/fr\\\/#organization\"},\"potentialAction\":[{\"@type\":\"SearchAction\",\"target\":{\"@type\":\"EntryPoint\",\"urlTemplate\":\"https:\\\/\\\/synerg-in.com\\\/fr\\\/?s={search_term_string}\"},\"query-input\":{\"@type\":\"PropertyValueSpecification\",\"valueRequired\":true,\"valueName\":\"search_term_string\"}}],\"inLanguage\":\"fr-FR\"},{\"@type\":\"Organization\",\"@id\":\"https:\\\/\\\/synerg-in.com\\\/fr\\\/#organization\",\"name\":\"SAS Synerg-In Digital\",\"url\":\"https:\\\/\\\/synerg-in.com\\\/fr\\\/\",\"logo\":{\"@type\":\"ImageObject\",\"inLanguage\":\"fr-FR\",\"@id\":\"https:\\\/\\\/synerg-in.com\\\/fr\\\/#\\\/schema\\\/logo\\\/image\\\/\",\"url\":\"https:\\\/\\\/synerg-in.com\\\/wp-content\\\/uploads\\\/2026\\\/03\\\/SYN_LOGO_FINAL-06.webp\",\"contentUrl\":\"https:\\\/\\\/synerg-in.com\\\/wp-content\\\/uploads\\\/2026\\\/03\\\/SYN_LOGO_FINAL-06.webp\",\"width\":2233,\"height\":2132,\"caption\":\"SAS Synerg-In Digital\"},\"image\":{\"@id\":\"https:\\\/\\\/synerg-in.com\\\/fr\\\/#\\\/schema\\\/logo\\\/image\\\/\"},\"sameAs\":[\"https:\\\/\\\/www.facebook.com\\\/synerginagency\",\"https:\\\/\\\/www.instagram.com\\\/synerg_in\",\"https:\\\/\\\/fr.linkedin.com\\\/company\\\/synerg-in\"]}]}<\/script>\n<!-- \/ Yoast SEO Premium plugin. -->","yoast_head_json":{"title":"Imadis - Synerg-In Agency","robots":{"index":"index","follow":"follow","max-snippet":"max-snippet:-1","max-image-preview":"max-image-preview:large","max-video-preview":"max-video-preview:-1"},"canonical":"https:\/\/synerg-in.com\/fr\/projet-evenementiel\/imadis\/","og_locale":"fr_FR","og_type":"article","og_title":"Imadis","og_description":"S\u00e9minaire de pr\u00e9sentation IMADIS et cocktail Le 27 novembre 2025, les \u00e9quipes d\u2019IMADIS Groupe, acteur national de r\u00e9f\u00e9rence en t\u00e9l\u00e9radiologie d\u2019urgence, se sont r\u00e9unies pour un s\u00e9minaire de pr\u00e9sentation suivi d\u2019un cocktail, enti\u00e8rement organis\u00e9 par Synerg-In. La premi\u00e8re partie de l\u2019\u00e9v\u00e9nement s\u2019est articul\u00e9e autour d\u2019un s\u00e9minaire de pr\u00e9sentation, offrant l\u2019occasion de partager les derni\u00e8res actualit\u00e9s [&hellip;]","og_url":"https:\/\/synerg-in.com\/fr\/projet-evenementiel\/imadis\/","og_site_name":"Synerg-In Agency","article_publisher":"https:\/\/www.facebook.com\/synerginagency","article_modified_time":"2026-04-10T15:21:03+00:00","og_image":[{"width":2560,"height":1920,"url":"https:\/\/synerg-in.com\/wp-content\/uploads\/2026\/03\/06_imadis-scaled.webp","type":"image\/jpeg"}],"twitter_card":"summary_large_image","twitter_misc":{"Dur\u00e9e de lecture estim\u00e9e":"1 minute"},"schema":{"@context":"https:\/\/schema.org","@graph":[{"@type":"WebPage","@id":"https:\/\/synerg-in.com\/fr\/projet-evenementiel\/imadis\/","url":"https:\/\/synerg-in.com\/fr\/projet-evenementiel\/imadis\/","name":"Imadis - Synerg-In Agency","isPartOf":{"@id":"https:\/\/synerg-in.com\/fr\/#website"},"primaryImageOfPage":{"@id":"https:\/\/synerg-in.com\/fr\/projet-evenementiel\/imadis\/#primaryimage"},"image":{"@id":"https:\/\/synerg-in.com\/fr\/projet-evenementiel\/imadis\/#primaryimage"},"thumbnailUrl":"https:\/\/synerg-in.com\/wp-content\/uploads\/2026\/03\/06_imadis-scaled.webp","datePublished":"2026-03-31T12:11:01+00:00","dateModified":"2026-04-10T15:21:03+00:00","breadcrumb":{"@id":"https:\/\/synerg-in.com\/fr\/projet-evenementiel\/imadis\/#breadcrumb"},"inLanguage":"fr-FR","potentialAction":[{"@type":"ReadAction","target":["https:\/\/synerg-in.com\/fr\/projet-evenementiel\/imadis\/"]}]},{"@type":"ImageObject","inLanguage":"fr-FR","@id":"https:\/\/synerg-in.com\/fr\/projet-evenementiel\/imadis\/#primaryimage","url":"https:\/\/synerg-in.com\/wp-content\/uploads\/2026\/03\/06_imadis-scaled.webp","contentUrl":"https:\/\/synerg-in.com\/wp-content\/uploads\/2026\/03\/06_imadis-scaled.webp","width":2560,"height":1920},{"@type":"BreadcrumbList","@id":"https:\/\/synerg-in.com\/fr\/projet-evenementiel\/imadis\/#breadcrumb","itemListElement":[{"@type":"ListItem","position":1,"name":"Home","item":"https:\/\/synerg-in.com\/fr\/"},{"@type":"ListItem","position":2,"name":"Projets \u00e9v\u00e9nementiels","item":"https:\/\/synerg-in.com\/fr\/projet-evenementiel\/"},{"@type":"ListItem","position":3,"name":"Imadis"}]},{"@type":"WebSite","@id":"https:\/\/synerg-in.com\/fr\/#website","url":"https:\/\/synerg-in.com\/fr\/","name":"Synerg-In Agency","description":"The agency that boosts your brand 360\u00b0","publisher":{"@id":"https:\/\/synerg-in.com\/fr\/#organization"},"potentialAction":[{"@type":"SearchAction","target":{"@type":"EntryPoint","urlTemplate":"https:\/\/synerg-in.com\/fr\/?s={search_term_string}"},"query-input":{"@type":"PropertyValueSpecification","valueRequired":true,"valueName":"search_term_string"}}],"inLanguage":"fr-FR"},{"@type":"Organization","@id":"https:\/\/synerg-in.com\/fr\/#organization","name":"SAS Synerg-In Digital","url":"https:\/\/synerg-in.com\/fr\/","logo":{"@type":"ImageObject","inLanguage":"fr-FR","@id":"https:\/\/synerg-in.com\/fr\/#\/schema\/logo\/image\/","url":"https:\/\/synerg-in.com\/wp-content\/uploads\/2026\/03\/SYN_LOGO_FINAL-06.webp","contentUrl":"https:\/\/synerg-in.com\/wp-content\/uploads\/2026\/03\/SYN_LOGO_FINAL-06.webp","width":2233,"height":2132,"caption":"SAS Synerg-In Digital"},"image":{"@id":"https:\/\/synerg-in.com\/fr\/#\/schema\/logo\/image\/"},"sameAs":["https:\/\/www.facebook.com\/synerginagency","https:\/\/www.instagram.com\/synerg_in","https:\/\/fr.linkedin.com\/company\/synerg-in"]}]}},"_links":{"self":[{"href":"https:\/\/synerg-in.com\/fr\/wp-json\/wp\/v2\/projet_evenementiel\/9152","targetHints":{"allow":["GET"]}}],"collection":[{"href":"https:\/\/synerg-in.com\/fr\/wp-json\/wp\/v2\/projet_evenementiel"}],"about":[{"href":"https:\/\/synerg-in.com\/fr\/wp-json\/wp\/v2\/types\/projet_evenementiel"}],"version-history":[{"count":2,"href":"https:\/\/synerg-in.com\/fr\/wp-json\/wp\/v2\/projet_evenementiel\/9152\/revisions"}],"predecessor-version":[{"id":10658,"href":"https:\/\/synerg-in.com\/fr\/wp-json\/wp\/v2\/projet_evenementiel\/9152\/revisions\/10658"}],"wp:featuredmedia":[{"embeddable":true,"href":"https:\/\/synerg-in.com\/fr\/wp-json\/wp\/v2\/media\/9151"}],"wp:attachment":[{"href":"https:\/\/synerg-in.com\/fr\/wp-json\/wp\/v2\/media?parent=9152"}],"wp:term":[{"taxonomy":"categorie_projet","embeddable":true,"href":"https:\/\/synerg-in.com\/fr\/wp-json\/wp\/v2\/categorie_projet?post=9152"},{"taxonomy":"tag_projet","embeddable":true,"href":"https:\/\/synerg-in.com\/fr\/wp-json\/wp\/v2\/tag_projet?post=9152"},{"taxonomy":"secteur","embeddable":true,"href":"https:\/\/synerg-in.com\/fr\/wp-json\/wp\/v2\/secteur?post=9152"}],"curies":[{"name":"wp","href":"https:\/\/api.w.org\/{rel}","templated":true}]}}