{"id":9120,"date":"2026-03-31T11:55:09","date_gmt":"2026-03-31T11:55:09","guid":{"rendered":"https:\/\/synerg-in.com\/projet-evenementiel\/nexity\/"},"modified":"2026-04-10T15:21:01","modified_gmt":"2026-04-10T15:21:01","slug":"nexity","status":"publish","type":"projet_evenementiel","link":"https:\/\/synerg-in.com\/fr\/projet-evenementiel\/nexity\/","title":{"rendered":"Nexity"},"content":{"rendered":"<h2>Soir\u00e9e professionnelle Nexity \u2013 \u00c9changes et r\u00e9seautage<\/h2>\n<p>Le 14 octobre 2025, les \u00e9quipes de Nexity, un acteur majeur de l\u2019immobilier mondial, se sont r\u00e9unies pour une soir\u00e9e professionnelle organis\u00e9e par Synerg-In. L\u2019objectif de cet \u00e9v\u00e9nement \u00e9tait de cr\u00e9er une opportunit\u00e9 privil\u00e9gi\u00e9e d\u2019\u00e9changes entre professionnels de l\u2019immobilier, alliant r\u00e9flexion strat\u00e9gique et r\u00e9seautage de qualit\u00e9. <\/p>\n<p>L\u2019\u00e9v\u00e9nement a permis d\u2019aborder les nouvelles dynamiques du march\u00e9 de l\u2019immobilier d\u2019entreprise, ainsi que les d\u00e9fis li\u00e9s \u00e0 la mobilit\u00e9, \u00e0 la flexibilit\u00e9 et \u00e0 la durabilit\u00e9 dans les projets immobiliers, le tout dans un format favorisant le dialogue et le partage d\u2019expertise.<\/p>\n<p>L\u2019organisation de l\u2019\u00e9v\u00e9nement a \u00e9t\u00e9 pens\u00e9e pour assurer un d\u00e9roulement fluide et structur\u00e9, o\u00f9 pr\u00e9sentations, discussions et \u00e9changes informels se sont compl\u00e9t\u00e9s pour maximiser l\u2019interaction entre les participants. L\u2019\u00e9v\u00e9nement a ainsi combin\u00e9 un contenu professionnel pertinent \u00e0 une ambiance conviviale, offrant aux invit\u00e9s une exp\u00e9rience enrichissante et bien orchestr\u00e9e. <\/p>\n<p>Cette soir\u00e9e d\u00e9montre qu\u2019une organisation bien pens\u00e9e permet de cr\u00e9er des \u00e9v\u00e9nements professionnels efficaces, favorisant les \u00e9changes et le partage d\u2019expertise entre les participants.<\/p>\n","protected":false},"excerpt":{"rendered":"<p>Soir\u00e9e professionnelle Nexity \u2013 \u00c9changes et r\u00e9seautage Le 14 octobre 2025, les \u00e9quipes de Nexity, un acteur majeur de l\u2019immobilier mondial, se sont r\u00e9unies pour une soir\u00e9e professionnelle organis\u00e9e par Synerg-In. L\u2019objectif de cet \u00e9v\u00e9nement \u00e9tait de cr\u00e9er une opportunit\u00e9 privil\u00e9gi\u00e9e d\u2019\u00e9changes entre professionnels de l\u2019immobilier, alliant r\u00e9flexion strat\u00e9gique et r\u00e9seautage de qualit\u00e9. L\u2019\u00e9v\u00e9nement a [&hellip;]<\/p>\n","protected":false},"featured_media":9116,"template":"","meta":[],"categorie_projet":[],"tag_projet":[],"secteur":[],"class_list":["post-9120","projet_evenementiel","type-projet_evenementiel","status-publish","has-post-thumbnail","hentry"],"yoast_head":"<!-- This site is optimized with the Yoast SEO Premium plugin v27.2 (Yoast SEO v27.5) - https:\/\/yoast.com\/product\/yoast-seo-premium-wordpress\/ -->\n<title>Nexity - Synerg-In Agency<\/title>\n<meta name=\"robots\" content=\"index, follow, max-snippet:-1, max-image-preview:large, max-video-preview:-1\" \/>\n<link rel=\"canonical\" href=\"https:\/\/synerg-in.com\/fr\/projet-evenementiel\/nexity\/\" \/>\n<meta property=\"og:locale\" content=\"fr_FR\" \/>\n<meta property=\"og:type\" content=\"article\" \/>\n<meta property=\"og:title\" content=\"Nexity\" \/>\n<meta property=\"og:description\" content=\"Soir\u00e9e professionnelle Nexity \u2013 \u00c9changes et r\u00e9seautage Le 14 octobre 2025, les \u00e9quipes de Nexity, un acteur majeur de l\u2019immobilier mondial, se sont r\u00e9unies pour une soir\u00e9e professionnelle organis\u00e9e par Synerg-In. L\u2019objectif de cet \u00e9v\u00e9nement \u00e9tait de cr\u00e9er une opportunit\u00e9 privil\u00e9gi\u00e9e d\u2019\u00e9changes entre professionnels de l\u2019immobilier, alliant r\u00e9flexion strat\u00e9gique et r\u00e9seautage de qualit\u00e9. L\u2019\u00e9v\u00e9nement a [&hellip;]\" \/>\n<meta property=\"og:url\" content=\"https:\/\/synerg-in.com\/fr\/projet-evenementiel\/nexity\/\" \/>\n<meta property=\"og:site_name\" content=\"Synerg-In Agency\" \/>\n<meta property=\"article:publisher\" content=\"https:\/\/www.facebook.com\/synerginagency\" \/>\n<meta property=\"article:modified_time\" content=\"2026-04-10T15:21:01+00:00\" \/>\n<meta property=\"og:image\" content=\"https:\/\/synerg-in.com\/wp-content\/uploads\/2026\/03\/06_nexity-scaled.webp\" \/>\n\t<meta property=\"og:image:width\" content=\"2560\" \/>\n\t<meta property=\"og:image:height\" content=\"1920\" \/>\n\t<meta property=\"og:image:type\" content=\"image\/jpeg\" \/>\n<meta name=\"twitter:card\" content=\"summary_large_image\" \/>\n<meta name=\"twitter:label1\" content=\"Dur\u00e9e de lecture estim\u00e9e\" \/>\n\t<meta name=\"twitter:data1\" content=\"1 minute\" \/>\n<script type=\"application\/ld+json\" class=\"yoast-schema-graph\">{\"@context\":\"https:\\\/\\\/schema.org\",\"@graph\":[{\"@type\":\"WebPage\",\"@id\":\"https:\\\/\\\/synerg-in.com\\\/fr\\\/projet-evenementiel\\\/nexity\\\/\",\"url\":\"https:\\\/\\\/synerg-in.com\\\/fr\\\/projet-evenementiel\\\/nexity\\\/\",\"name\":\"Nexity - Synerg-In Agency\",\"isPartOf\":{\"@id\":\"https:\\\/\\\/synerg-in.com\\\/fr\\\/#website\"},\"primaryImageOfPage\":{\"@id\":\"https:\\\/\\\/synerg-in.com\\\/fr\\\/projet-evenementiel\\\/nexity\\\/#primaryimage\"},\"image\":{\"@id\":\"https:\\\/\\\/synerg-in.com\\\/fr\\\/projet-evenementiel\\\/nexity\\\/#primaryimage\"},\"thumbnailUrl\":\"https:\\\/\\\/synerg-in.com\\\/wp-content\\\/uploads\\\/2026\\\/03\\\/06_nexity-scaled.webp\",\"datePublished\":\"2026-03-31T11:55:09+00:00\",\"dateModified\":\"2026-04-10T15:21:01+00:00\",\"breadcrumb\":{\"@id\":\"https:\\\/\\\/synerg-in.com\\\/fr\\\/projet-evenementiel\\\/nexity\\\/#breadcrumb\"},\"inLanguage\":\"fr-FR\",\"potentialAction\":[{\"@type\":\"ReadAction\",\"target\":[\"https:\\\/\\\/synerg-in.com\\\/fr\\\/projet-evenementiel\\\/nexity\\\/\"]}]},{\"@type\":\"ImageObject\",\"inLanguage\":\"fr-FR\",\"@id\":\"https:\\\/\\\/synerg-in.com\\\/fr\\\/projet-evenementiel\\\/nexity\\\/#primaryimage\",\"url\":\"https:\\\/\\\/synerg-in.com\\\/wp-content\\\/uploads\\\/2026\\\/03\\\/06_nexity-scaled.webp\",\"contentUrl\":\"https:\\\/\\\/synerg-in.com\\\/wp-content\\\/uploads\\\/2026\\\/03\\\/06_nexity-scaled.webp\",\"width\":2560,\"height\":1920},{\"@type\":\"BreadcrumbList\",\"@id\":\"https:\\\/\\\/synerg-in.com\\\/fr\\\/projet-evenementiel\\\/nexity\\\/#breadcrumb\",\"itemListElement\":[{\"@type\":\"ListItem\",\"position\":1,\"name\":\"Home\",\"item\":\"https:\\\/\\\/synerg-in.com\\\/fr\\\/\"},{\"@type\":\"ListItem\",\"position\":2,\"name\":\"Projets \u00e9v\u00e9nementiels\",\"item\":\"https:\\\/\\\/synerg-in.com\\\/fr\\\/projet-evenementiel\\\/\"},{\"@type\":\"ListItem\",\"position\":3,\"name\":\"Nexity\"}]},{\"@type\":\"WebSite\",\"@id\":\"https:\\\/\\\/synerg-in.com\\\/fr\\\/#website\",\"url\":\"https:\\\/\\\/synerg-in.com\\\/fr\\\/\",\"name\":\"Synerg-In Agency\",\"description\":\"The agency that boosts your brand 360\u00b0\",\"publisher\":{\"@id\":\"https:\\\/\\\/synerg-in.com\\\/fr\\\/#organization\"},\"potentialAction\":[{\"@type\":\"SearchAction\",\"target\":{\"@type\":\"EntryPoint\",\"urlTemplate\":\"https:\\\/\\\/synerg-in.com\\\/fr\\\/?s={search_term_string}\"},\"query-input\":{\"@type\":\"PropertyValueSpecification\",\"valueRequired\":true,\"valueName\":\"search_term_string\"}}],\"inLanguage\":\"fr-FR\"},{\"@type\":\"Organization\",\"@id\":\"https:\\\/\\\/synerg-in.com\\\/fr\\\/#organization\",\"name\":\"SAS Synerg-In Digital\",\"url\":\"https:\\\/\\\/synerg-in.com\\\/fr\\\/\",\"logo\":{\"@type\":\"ImageObject\",\"inLanguage\":\"fr-FR\",\"@id\":\"https:\\\/\\\/synerg-in.com\\\/fr\\\/#\\\/schema\\\/logo\\\/image\\\/\",\"url\":\"https:\\\/\\\/synerg-in.com\\\/wp-content\\\/uploads\\\/2026\\\/03\\\/SYN_LOGO_FINAL-06.webp\",\"contentUrl\":\"https:\\\/\\\/synerg-in.com\\\/wp-content\\\/uploads\\\/2026\\\/03\\\/SYN_LOGO_FINAL-06.webp\",\"width\":2233,\"height\":2132,\"caption\":\"SAS Synerg-In Digital\"},\"image\":{\"@id\":\"https:\\\/\\\/synerg-in.com\\\/fr\\\/#\\\/schema\\\/logo\\\/image\\\/\"},\"sameAs\":[\"https:\\\/\\\/www.facebook.com\\\/synerginagency\",\"https:\\\/\\\/www.instagram.com\\\/synerg_in\",\"https:\\\/\\\/fr.linkedin.com\\\/company\\\/synerg-in\"]}]}<\/script>\n<!-- \/ Yoast SEO Premium plugin. -->","yoast_head_json":{"title":"Nexity - Synerg-In Agency","robots":{"index":"index","follow":"follow","max-snippet":"max-snippet:-1","max-image-preview":"max-image-preview:large","max-video-preview":"max-video-preview:-1"},"canonical":"https:\/\/synerg-in.com\/fr\/projet-evenementiel\/nexity\/","og_locale":"fr_FR","og_type":"article","og_title":"Nexity","og_description":"Soir\u00e9e professionnelle Nexity \u2013 \u00c9changes et r\u00e9seautage Le 14 octobre 2025, les \u00e9quipes de Nexity, un acteur majeur de l\u2019immobilier mondial, se sont r\u00e9unies pour une soir\u00e9e professionnelle organis\u00e9e par Synerg-In. L\u2019objectif de cet \u00e9v\u00e9nement \u00e9tait de cr\u00e9er une opportunit\u00e9 privil\u00e9gi\u00e9e d\u2019\u00e9changes entre professionnels de l\u2019immobilier, alliant r\u00e9flexion strat\u00e9gique et r\u00e9seautage de qualit\u00e9. L\u2019\u00e9v\u00e9nement a [&hellip;]","og_url":"https:\/\/synerg-in.com\/fr\/projet-evenementiel\/nexity\/","og_site_name":"Synerg-In Agency","article_publisher":"https:\/\/www.facebook.com\/synerginagency","article_modified_time":"2026-04-10T15:21:01+00:00","og_image":[{"width":2560,"height":1920,"url":"https:\/\/synerg-in.com\/wp-content\/uploads\/2026\/03\/06_nexity-scaled.webp","type":"image\/jpeg"}],"twitter_card":"summary_large_image","twitter_misc":{"Dur\u00e9e de lecture estim\u00e9e":"1 minute"},"schema":{"@context":"https:\/\/schema.org","@graph":[{"@type":"WebPage","@id":"https:\/\/synerg-in.com\/fr\/projet-evenementiel\/nexity\/","url":"https:\/\/synerg-in.com\/fr\/projet-evenementiel\/nexity\/","name":"Nexity - Synerg-In Agency","isPartOf":{"@id":"https:\/\/synerg-in.com\/fr\/#website"},"primaryImageOfPage":{"@id":"https:\/\/synerg-in.com\/fr\/projet-evenementiel\/nexity\/#primaryimage"},"image":{"@id":"https:\/\/synerg-in.com\/fr\/projet-evenementiel\/nexity\/#primaryimage"},"thumbnailUrl":"https:\/\/synerg-in.com\/wp-content\/uploads\/2026\/03\/06_nexity-scaled.webp","datePublished":"2026-03-31T11:55:09+00:00","dateModified":"2026-04-10T15:21:01+00:00","breadcrumb":{"@id":"https:\/\/synerg-in.com\/fr\/projet-evenementiel\/nexity\/#breadcrumb"},"inLanguage":"fr-FR","potentialAction":[{"@type":"ReadAction","target":["https:\/\/synerg-in.com\/fr\/projet-evenementiel\/nexity\/"]}]},{"@type":"ImageObject","inLanguage":"fr-FR","@id":"https:\/\/synerg-in.com\/fr\/projet-evenementiel\/nexity\/#primaryimage","url":"https:\/\/synerg-in.com\/wp-content\/uploads\/2026\/03\/06_nexity-scaled.webp","contentUrl":"https:\/\/synerg-in.com\/wp-content\/uploads\/2026\/03\/06_nexity-scaled.webp","width":2560,"height":1920},{"@type":"BreadcrumbList","@id":"https:\/\/synerg-in.com\/fr\/projet-evenementiel\/nexity\/#breadcrumb","itemListElement":[{"@type":"ListItem","position":1,"name":"Home","item":"https:\/\/synerg-in.com\/fr\/"},{"@type":"ListItem","position":2,"name":"Projets \u00e9v\u00e9nementiels","item":"https:\/\/synerg-in.com\/fr\/projet-evenementiel\/"},{"@type":"ListItem","position":3,"name":"Nexity"}]},{"@type":"WebSite","@id":"https:\/\/synerg-in.com\/fr\/#website","url":"https:\/\/synerg-in.com\/fr\/","name":"Synerg-In Agency","description":"The agency that boosts your brand 360\u00b0","publisher":{"@id":"https:\/\/synerg-in.com\/fr\/#organization"},"potentialAction":[{"@type":"SearchAction","target":{"@type":"EntryPoint","urlTemplate":"https:\/\/synerg-in.com\/fr\/?s={search_term_string}"},"query-input":{"@type":"PropertyValueSpecification","valueRequired":true,"valueName":"search_term_string"}}],"inLanguage":"fr-FR"},{"@type":"Organization","@id":"https:\/\/synerg-in.com\/fr\/#organization","name":"SAS Synerg-In Digital","url":"https:\/\/synerg-in.com\/fr\/","logo":{"@type":"ImageObject","inLanguage":"fr-FR","@id":"https:\/\/synerg-in.com\/fr\/#\/schema\/logo\/image\/","url":"https:\/\/synerg-in.com\/wp-content\/uploads\/2026\/03\/SYN_LOGO_FINAL-06.webp","contentUrl":"https:\/\/synerg-in.com\/wp-content\/uploads\/2026\/03\/SYN_LOGO_FINAL-06.webp","width":2233,"height":2132,"caption":"SAS Synerg-In Digital"},"image":{"@id":"https:\/\/synerg-in.com\/fr\/#\/schema\/logo\/image\/"},"sameAs":["https:\/\/www.facebook.com\/synerginagency","https:\/\/www.instagram.com\/synerg_in","https:\/\/fr.linkedin.com\/company\/synerg-in"]}]}},"_links":{"self":[{"href":"https:\/\/synerg-in.com\/fr\/wp-json\/wp\/v2\/projet_evenementiel\/9120","targetHints":{"allow":["GET"]}}],"collection":[{"href":"https:\/\/synerg-in.com\/fr\/wp-json\/wp\/v2\/projet_evenementiel"}],"about":[{"href":"https:\/\/synerg-in.com\/fr\/wp-json\/wp\/v2\/types\/projet_evenementiel"}],"version-history":[{"count":2,"href":"https:\/\/synerg-in.com\/fr\/wp-json\/wp\/v2\/projet_evenementiel\/9120\/revisions"}],"predecessor-version":[{"id":10657,"href":"https:\/\/synerg-in.com\/fr\/wp-json\/wp\/v2\/projet_evenementiel\/9120\/revisions\/10657"}],"wp:featuredmedia":[{"embeddable":true,"href":"https:\/\/synerg-in.com\/fr\/wp-json\/wp\/v2\/media\/9116"}],"wp:attachment":[{"href":"https:\/\/synerg-in.com\/fr\/wp-json\/wp\/v2\/media?parent=9120"}],"wp:term":[{"taxonomy":"categorie_projet","embeddable":true,"href":"https:\/\/synerg-in.com\/fr\/wp-json\/wp\/v2\/categorie_projet?post=9120"},{"taxonomy":"tag_projet","embeddable":true,"href":"https:\/\/synerg-in.com\/fr\/wp-json\/wp\/v2\/tag_projet?post=9120"},{"taxonomy":"secteur","embeddable":true,"href":"https:\/\/synerg-in.com\/fr\/wp-json\/wp\/v2\/secteur?post=9120"}],"curies":[{"name":"wp","href":"https:\/\/api.w.org\/{rel}","templated":true}]}}