{"id":8727,"date":"2026-03-31T09:44:40","date_gmt":"2026-03-31T09:44:40","guid":{"rendered":"https:\/\/synerg-in.com\/projet-evenementiel\/marque-page\/"},"modified":"2026-04-10T15:21:21","modified_gmt":"2026-04-10T15:21:21","slug":"bookmark","status":"publish","type":"projet_evenementiel","link":"https:\/\/synerg-in.com\/fr\/projet-evenementiel\/bookmark\/","title":{"rendered":"BOOKMARK"},"content":{"rendered":"<h2>Une semaine d&rsquo;\u00e9v\u00e9nements explorant l&rsquo;univers des \u00c9ditions Bookmark<\/h2>\n<p>Un \u00e9v\u00e9nement explorant l&rsquo;univers des \u00c9ditions Bookmark<\/p>\n<p>Un \u00e9v\u00e9nement d\u00e9di\u00e9 \u00e0 la d\u00e9couverte des <strong>\u00c9ditions Bookmark<\/strong> a \u00e9t\u00e9 organis\u00e9 pour mettre en lumi\u00e8re leur univers \u00e9ditorial et favoriser les \u00e9changes autour du monde du livre.<\/p>\n<p>Fond\u00e9e en 2013, cette maison d&rsquo;\u00e9dition s&rsquo;est progressivement impos\u00e9e dans le paysage \u00e9ditorial francophone. Son catalogue se distingue par la diversit\u00e9 des r\u00e9cits qu&rsquo;il propose, explorant des genres tels que la fantasy, le myst\u00e8re et la romance. \u00c0 travers ses publications, les \u00c9ditions Bookmark cherchent avant tout \u00e0 offrir aux lecteurs des histoires immersives empreintes d&rsquo;\u00e9motion, de passion et d&rsquo;\u00e9vasion.  <\/p>\n<p>Cet \u00e9v\u00e9nement a permis de pr\u00e9senter leur approche \u00e9ditoriale, leur vision du secteur et la richesse de leurs publications. Il a \u00e9galement offert un cadre propice aux discussions sur le processus cr\u00e9atif, le travail \u00e9ditorial et les enjeux li\u00e9s \u00e0 la publication et \u00e0 la diffusion des \u0153uvres litt\u00e9raires. <\/p>\n<p>L&rsquo;organisation de ce type d&rsquo;\u00e9v\u00e9nement illustre l&rsquo;int\u00e9r\u00eat croissant pour des formats qui valorisent les acteurs culturels et cr\u00e9atifs tout en cr\u00e9ant des opportunit\u00e9s d&rsquo;\u00e9change entre professionnels, passionn\u00e9s et curieux. Le soutien et la coordination de ces \u00e9v\u00e9nements contribuent \u00e0 faciliter le r\u00e9seautage, la d\u00e9couverte de nouveaux univers et le partage d&rsquo;expertises. <\/p>\n<p>Ces formats peuvent repr\u00e9senter une opportunit\u00e9 pour les maisons d&rsquo;\u00e9dition, les entreprises ou les porteurs de projets souhaitant pr\u00e9senter leurs activit\u00e9s, partager leur expertise et d\u00e9velopper les \u00e9changes autour de leurs domaines de cr\u00e9ativit\u00e9.<\/p>\n","protected":false},"excerpt":{"rendered":"<p>Une semaine d&rsquo;\u00e9v\u00e9nements explorant l&rsquo;univers des \u00c9ditions Bookmark Un \u00e9v\u00e9nement explorant l&rsquo;univers des \u00c9ditions Bookmark Un \u00e9v\u00e9nement d\u00e9di\u00e9 \u00e0 la d\u00e9couverte des \u00c9ditions Bookmark a \u00e9t\u00e9 organis\u00e9 pour mettre en lumi\u00e8re leur univers \u00e9ditorial et favoriser les \u00e9changes autour du monde du livre. Fond\u00e9e en 2013, cette maison d&rsquo;\u00e9dition s&rsquo;est progressivement impos\u00e9e dans le paysage [&hellip;]<\/p>\n","protected":false},"featured_media":8726,"template":"","meta":[],"categorie_projet":[],"tag_projet":[],"secteur":[],"class_list":["post-8727","projet_evenementiel","type-projet_evenementiel","status-publish","has-post-thumbnail","hentry"],"yoast_head":"<!-- This site is optimized with the Yoast SEO Premium plugin v27.2 (Yoast SEO v27.5) - https:\/\/yoast.com\/product\/yoast-seo-premium-wordpress\/ -->\n<title>BOOKMARK - Synerg-In Agency<\/title>\n<meta name=\"robots\" content=\"index, follow, max-snippet:-1, max-image-preview:large, max-video-preview:-1\" \/>\n<link rel=\"canonical\" href=\"https:\/\/synerg-in.com\/fr\/projet-evenementiel\/bookmark\/\" \/>\n<meta property=\"og:locale\" content=\"fr_FR\" \/>\n<meta property=\"og:type\" content=\"article\" \/>\n<meta property=\"og:title\" content=\"BOOKMARK\" \/>\n<meta property=\"og:description\" content=\"Une semaine d&rsquo;\u00e9v\u00e9nements explorant l&rsquo;univers des \u00c9ditions Bookmark Un \u00e9v\u00e9nement explorant l&rsquo;univers des \u00c9ditions Bookmark Un \u00e9v\u00e9nement d\u00e9di\u00e9 \u00e0 la d\u00e9couverte des \u00c9ditions Bookmark a \u00e9t\u00e9 organis\u00e9 pour mettre en lumi\u00e8re leur univers \u00e9ditorial et favoriser les \u00e9changes autour du monde du livre. Fond\u00e9e en 2013, cette maison d&rsquo;\u00e9dition s&rsquo;est progressivement impos\u00e9e dans le paysage [&hellip;]\" \/>\n<meta property=\"og:url\" content=\"https:\/\/synerg-in.com\/fr\/projet-evenementiel\/bookmark\/\" \/>\n<meta property=\"og:site_name\" content=\"Synerg-In Agency\" \/>\n<meta property=\"article:publisher\" content=\"https:\/\/www.facebook.com\/synerginagency\" \/>\n<meta property=\"article:modified_time\" content=\"2026-04-10T15:21:21+00:00\" \/>\n<meta property=\"og:image\" content=\"https:\/\/synerg-in.com\/wp-content\/uploads\/2026\/03\/04_bookmark.webp\" \/>\n\t<meta property=\"og:image:width\" content=\"1280\" \/>\n\t<meta property=\"og:image:height\" content=\"1707\" \/>\n\t<meta property=\"og:image:type\" content=\"image\/jpeg\" \/>\n<meta name=\"twitter:card\" content=\"summary_large_image\" \/>\n<meta name=\"twitter:label1\" content=\"Dur\u00e9e de lecture estim\u00e9e\" \/>\n\t<meta name=\"twitter:data1\" content=\"1 minute\" \/>\n<script type=\"application\/ld+json\" class=\"yoast-schema-graph\">{\"@context\":\"https:\\\/\\\/schema.org\",\"@graph\":[{\"@type\":\"WebPage\",\"@id\":\"https:\\\/\\\/synerg-in.com\\\/fr\\\/projet-evenementiel\\\/bookmark\\\/\",\"url\":\"https:\\\/\\\/synerg-in.com\\\/fr\\\/projet-evenementiel\\\/bookmark\\\/\",\"name\":\"BOOKMARK - Synerg-In Agency\",\"isPartOf\":{\"@id\":\"https:\\\/\\\/synerg-in.com\\\/fr\\\/#website\"},\"primaryImageOfPage\":{\"@id\":\"https:\\\/\\\/synerg-in.com\\\/fr\\\/projet-evenementiel\\\/bookmark\\\/#primaryimage\"},\"image\":{\"@id\":\"https:\\\/\\\/synerg-in.com\\\/fr\\\/projet-evenementiel\\\/bookmark\\\/#primaryimage\"},\"thumbnailUrl\":\"https:\\\/\\\/synerg-in.com\\\/wp-content\\\/uploads\\\/2026\\\/03\\\/04_bookmark.webp\",\"datePublished\":\"2026-03-31T09:44:40+00:00\",\"dateModified\":\"2026-04-10T15:21:21+00:00\",\"breadcrumb\":{\"@id\":\"https:\\\/\\\/synerg-in.com\\\/fr\\\/projet-evenementiel\\\/bookmark\\\/#breadcrumb\"},\"inLanguage\":\"fr-FR\",\"potentialAction\":[{\"@type\":\"ReadAction\",\"target\":[\"https:\\\/\\\/synerg-in.com\\\/fr\\\/projet-evenementiel\\\/bookmark\\\/\"]}]},{\"@type\":\"ImageObject\",\"inLanguage\":\"fr-FR\",\"@id\":\"https:\\\/\\\/synerg-in.com\\\/fr\\\/projet-evenementiel\\\/bookmark\\\/#primaryimage\",\"url\":\"https:\\\/\\\/synerg-in.com\\\/wp-content\\\/uploads\\\/2026\\\/03\\\/04_bookmark.webp\",\"contentUrl\":\"https:\\\/\\\/synerg-in.com\\\/wp-content\\\/uploads\\\/2026\\\/03\\\/04_bookmark.webp\",\"width\":1280,\"height\":1707},{\"@type\":\"BreadcrumbList\",\"@id\":\"https:\\\/\\\/synerg-in.com\\\/fr\\\/projet-evenementiel\\\/bookmark\\\/#breadcrumb\",\"itemListElement\":[{\"@type\":\"ListItem\",\"position\":1,\"name\":\"Home\",\"item\":\"https:\\\/\\\/synerg-in.com\\\/fr\\\/\"},{\"@type\":\"ListItem\",\"position\":2,\"name\":\"Projets \u00e9v\u00e9nementiels\",\"item\":\"https:\\\/\\\/synerg-in.com\\\/fr\\\/projet-evenementiel\\\/\"},{\"@type\":\"ListItem\",\"position\":3,\"name\":\"BOOKMARK\"}]},{\"@type\":\"WebSite\",\"@id\":\"https:\\\/\\\/synerg-in.com\\\/fr\\\/#website\",\"url\":\"https:\\\/\\\/synerg-in.com\\\/fr\\\/\",\"name\":\"Synerg-In Agency\",\"description\":\"The agency that boosts your brand 360\u00b0\",\"publisher\":{\"@id\":\"https:\\\/\\\/synerg-in.com\\\/fr\\\/#organization\"},\"potentialAction\":[{\"@type\":\"SearchAction\",\"target\":{\"@type\":\"EntryPoint\",\"urlTemplate\":\"https:\\\/\\\/synerg-in.com\\\/fr\\\/?s={search_term_string}\"},\"query-input\":{\"@type\":\"PropertyValueSpecification\",\"valueRequired\":true,\"valueName\":\"search_term_string\"}}],\"inLanguage\":\"fr-FR\"},{\"@type\":\"Organization\",\"@id\":\"https:\\\/\\\/synerg-in.com\\\/fr\\\/#organization\",\"name\":\"SAS Synerg-In Digital\",\"url\":\"https:\\\/\\\/synerg-in.com\\\/fr\\\/\",\"logo\":{\"@type\":\"ImageObject\",\"inLanguage\":\"fr-FR\",\"@id\":\"https:\\\/\\\/synerg-in.com\\\/fr\\\/#\\\/schema\\\/logo\\\/image\\\/\",\"url\":\"https:\\\/\\\/synerg-in.com\\\/wp-content\\\/uploads\\\/2026\\\/03\\\/SYN_LOGO_FINAL-06.webp\",\"contentUrl\":\"https:\\\/\\\/synerg-in.com\\\/wp-content\\\/uploads\\\/2026\\\/03\\\/SYN_LOGO_FINAL-06.webp\",\"width\":2233,\"height\":2132,\"caption\":\"SAS Synerg-In Digital\"},\"image\":{\"@id\":\"https:\\\/\\\/synerg-in.com\\\/fr\\\/#\\\/schema\\\/logo\\\/image\\\/\"},\"sameAs\":[\"https:\\\/\\\/www.facebook.com\\\/synerginagency\",\"https:\\\/\\\/www.instagram.com\\\/synerg_in\",\"https:\\\/\\\/fr.linkedin.com\\\/company\\\/synerg-in\"]}]}<\/script>\n<!-- \/ Yoast SEO Premium plugin. -->","yoast_head_json":{"title":"BOOKMARK - Synerg-In Agency","robots":{"index":"index","follow":"follow","max-snippet":"max-snippet:-1","max-image-preview":"max-image-preview:large","max-video-preview":"max-video-preview:-1"},"canonical":"https:\/\/synerg-in.com\/fr\/projet-evenementiel\/bookmark\/","og_locale":"fr_FR","og_type":"article","og_title":"BOOKMARK","og_description":"Une semaine d&rsquo;\u00e9v\u00e9nements explorant l&rsquo;univers des \u00c9ditions Bookmark Un \u00e9v\u00e9nement explorant l&rsquo;univers des \u00c9ditions Bookmark Un \u00e9v\u00e9nement d\u00e9di\u00e9 \u00e0 la d\u00e9couverte des \u00c9ditions Bookmark a \u00e9t\u00e9 organis\u00e9 pour mettre en lumi\u00e8re leur univers \u00e9ditorial et favoriser les \u00e9changes autour du monde du livre. Fond\u00e9e en 2013, cette maison d&rsquo;\u00e9dition s&rsquo;est progressivement impos\u00e9e dans le paysage [&hellip;]","og_url":"https:\/\/synerg-in.com\/fr\/projet-evenementiel\/bookmark\/","og_site_name":"Synerg-In Agency","article_publisher":"https:\/\/www.facebook.com\/synerginagency","article_modified_time":"2026-04-10T15:21:21+00:00","og_image":[{"width":1280,"height":1707,"url":"https:\/\/synerg-in.com\/wp-content\/uploads\/2026\/03\/04_bookmark.webp","type":"image\/jpeg"}],"twitter_card":"summary_large_image","twitter_misc":{"Dur\u00e9e de lecture estim\u00e9e":"1 minute"},"schema":{"@context":"https:\/\/schema.org","@graph":[{"@type":"WebPage","@id":"https:\/\/synerg-in.com\/fr\/projet-evenementiel\/bookmark\/","url":"https:\/\/synerg-in.com\/fr\/projet-evenementiel\/bookmark\/","name":"BOOKMARK - Synerg-In Agency","isPartOf":{"@id":"https:\/\/synerg-in.com\/fr\/#website"},"primaryImageOfPage":{"@id":"https:\/\/synerg-in.com\/fr\/projet-evenementiel\/bookmark\/#primaryimage"},"image":{"@id":"https:\/\/synerg-in.com\/fr\/projet-evenementiel\/bookmark\/#primaryimage"},"thumbnailUrl":"https:\/\/synerg-in.com\/wp-content\/uploads\/2026\/03\/04_bookmark.webp","datePublished":"2026-03-31T09:44:40+00:00","dateModified":"2026-04-10T15:21:21+00:00","breadcrumb":{"@id":"https:\/\/synerg-in.com\/fr\/projet-evenementiel\/bookmark\/#breadcrumb"},"inLanguage":"fr-FR","potentialAction":[{"@type":"ReadAction","target":["https:\/\/synerg-in.com\/fr\/projet-evenementiel\/bookmark\/"]}]},{"@type":"ImageObject","inLanguage":"fr-FR","@id":"https:\/\/synerg-in.com\/fr\/projet-evenementiel\/bookmark\/#primaryimage","url":"https:\/\/synerg-in.com\/wp-content\/uploads\/2026\/03\/04_bookmark.webp","contentUrl":"https:\/\/synerg-in.com\/wp-content\/uploads\/2026\/03\/04_bookmark.webp","width":1280,"height":1707},{"@type":"BreadcrumbList","@id":"https:\/\/synerg-in.com\/fr\/projet-evenementiel\/bookmark\/#breadcrumb","itemListElement":[{"@type":"ListItem","position":1,"name":"Home","item":"https:\/\/synerg-in.com\/fr\/"},{"@type":"ListItem","position":2,"name":"Projets \u00e9v\u00e9nementiels","item":"https:\/\/synerg-in.com\/fr\/projet-evenementiel\/"},{"@type":"ListItem","position":3,"name":"BOOKMARK"}]},{"@type":"WebSite","@id":"https:\/\/synerg-in.com\/fr\/#website","url":"https:\/\/synerg-in.com\/fr\/","name":"Synerg-In Agency","description":"The agency that boosts your brand 360\u00b0","publisher":{"@id":"https:\/\/synerg-in.com\/fr\/#organization"},"potentialAction":[{"@type":"SearchAction","target":{"@type":"EntryPoint","urlTemplate":"https:\/\/synerg-in.com\/fr\/?s={search_term_string}"},"query-input":{"@type":"PropertyValueSpecification","valueRequired":true,"valueName":"search_term_string"}}],"inLanguage":"fr-FR"},{"@type":"Organization","@id":"https:\/\/synerg-in.com\/fr\/#organization","name":"SAS Synerg-In Digital","url":"https:\/\/synerg-in.com\/fr\/","logo":{"@type":"ImageObject","inLanguage":"fr-FR","@id":"https:\/\/synerg-in.com\/fr\/#\/schema\/logo\/image\/","url":"https:\/\/synerg-in.com\/wp-content\/uploads\/2026\/03\/SYN_LOGO_FINAL-06.webp","contentUrl":"https:\/\/synerg-in.com\/wp-content\/uploads\/2026\/03\/SYN_LOGO_FINAL-06.webp","width":2233,"height":2132,"caption":"SAS Synerg-In Digital"},"image":{"@id":"https:\/\/synerg-in.com\/fr\/#\/schema\/logo\/image\/"},"sameAs":["https:\/\/www.facebook.com\/synerginagency","https:\/\/www.instagram.com\/synerg_in","https:\/\/fr.linkedin.com\/company\/synerg-in"]}]}},"_links":{"self":[{"href":"https:\/\/synerg-in.com\/fr\/wp-json\/wp\/v2\/projet_evenementiel\/8727","targetHints":{"allow":["GET"]}}],"collection":[{"href":"https:\/\/synerg-in.com\/fr\/wp-json\/wp\/v2\/projet_evenementiel"}],"about":[{"href":"https:\/\/synerg-in.com\/fr\/wp-json\/wp\/v2\/types\/projet_evenementiel"}],"version-history":[{"count":2,"href":"https:\/\/synerg-in.com\/fr\/wp-json\/wp\/v2\/projet_evenementiel\/8727\/revisions"}],"predecessor-version":[{"id":10659,"href":"https:\/\/synerg-in.com\/fr\/wp-json\/wp\/v2\/projet_evenementiel\/8727\/revisions\/10659"}],"wp:featuredmedia":[{"embeddable":true,"href":"https:\/\/synerg-in.com\/fr\/wp-json\/wp\/v2\/media\/8726"}],"wp:attachment":[{"href":"https:\/\/synerg-in.com\/fr\/wp-json\/wp\/v2\/media?parent=8727"}],"wp:term":[{"taxonomy":"categorie_projet","embeddable":true,"href":"https:\/\/synerg-in.com\/fr\/wp-json\/wp\/v2\/categorie_projet?post=8727"},{"taxonomy":"tag_projet","embeddable":true,"href":"https:\/\/synerg-in.com\/fr\/wp-json\/wp\/v2\/tag_projet?post=8727"},{"taxonomy":"secteur","embeddable":true,"href":"https:\/\/synerg-in.com\/fr\/wp-json\/wp\/v2\/secteur?post=8727"}],"curies":[{"name":"wp","href":"https:\/\/api.w.org\/{rel}","templated":true}]}}