{"id":10011,"date":"2025-12-26T10:19:41","date_gmt":"2025-12-26T10:19:41","guid":{"rendered":"https:\/\/synerg-in.com\/decouvrez-nos-espaces-evenementiels-aux-halles-du-lez-a-montpellier-des-espaces-uniques-et-polyvalents-pour-des-evenements-dentreprise-des-lancements-de-produits-des-galas-et-des-receptions-priv\/"},"modified":"2026-04-10T15:06:49","modified_gmt":"2026-04-10T15:06:49","slug":"spaces-places","status":"publish","type":"page","link":"https:\/\/synerg-in.com\/fr\/spaces-places\/","title":{"rendered":"Spaces &#038; Places"},"content":{"rendered":"\t\t<div data-elementor-type=\"wp-page\" data-elementor-id=\"10011\" class=\"elementor elementor-10011 elementor-60\">\n\t\t\t\t<div class=\"elementor-element elementor-element-da3a02c e-con-full e-flex e-con e-parent\" data-id=\"da3a02c\" data-element_type=\"container\" data-e-type=\"container\" data-settings=\"{&quot;background_background&quot;:&quot;classic&quot;}\">\n\t\t<div class=\"elementor-element elementor-element-99b72ce e-con-full e-flex e-con e-child\" data-id=\"99b72ce\" data-element_type=\"container\" data-e-type=\"container\" id=\"places-header-h1\">\n\t\t\t\t<div class=\"elementor-element elementor-element-3db8048 elementor-widget__width-auto elementor-widget-mobile__width-initial elementor-widget elementor-widget-heading\" data-id=\"3db8048\" data-element_type=\"widget\" data-e-type=\"widget\" data-widget_type=\"heading.default\">\n\t\t\t\t\t<h1 class=\"elementor-heading-title elementor-size-default\">Espaces &amp; lieux<\/h1>\t\t\t\t<\/div>\n\t\t\t\t<div class=\"elementor-element elementor-element-4eff127 elementor-widget-tablet__width-initial elementor-widget elementor-widget-heading\" data-id=\"4eff127\" data-element_type=\"widget\" data-e-type=\"widget\" data-widget_type=\"heading.default\">\n\t\t\t\t\t<h2 class=\"elementor-heading-title elementor-size-default\">D\u00e9couvrez nos lieux uniques<\/h2>\t\t\t\t<\/div>\n\t\t\t\t<\/div>\n\t\t\t\t<\/div>\n\t\t<div class=\"elementor-element elementor-element-04e99dc e-flex e-con-boxed e-con e-parent\" data-id=\"04e99dc\" data-element_type=\"container\" data-e-type=\"container\" data-settings=\"{&quot;background_background&quot;:&quot;classic&quot;}\">\n\t\t\t\t\t<div class=\"e-con-inner\">\n\t\t\t\t<div class=\"elementor-element elementor-element-1bccd85 elementor-widget elementor-widget-custom_card\" data-id=\"1bccd85\" data-element_type=\"widget\" data-e-type=\"widget\" data-widget_type=\"custom_card.default\">\n\t\t\t\t<div class=\"elementor-widget-container\">\n\t\t\t\t\t<div class=\"custom-cards-container\" data-widget-id=\"1bccd85\"><div class=\"custom-cards-grid\"><div class=\"card-wrapper\" data-index=\"0\"><article class=\"custom-card\"><div class=\"card-image\"><a href=\"https:\/\/synerg-in.com\/fr\/venue\/vue-cours-de-gare\/\"><img decoding=\"async\" src=\"https:\/\/synerg-in.com\/wp-content\/uploads\/2026\/04\/VUE-COURS-DE-GARE-1024x749.webp\" alt=\"VUE COURS DE GARE\"><\/a><\/div><div class=\"card-content\" data-button-position=\"right\"><div class=\"card-text-content\"><h3 class=\"card-title\"><a href=\"https:\/\/synerg-in.com\/fr\/venue\/vue-cours-de-gare\/\">VUE COURS DE GARE<\/a><\/h3><\/div><div class=\"card-actions\"><a href=\"https:\/\/synerg-in.com\/fr\/venue\/vue-cours-de-gare\/\" class=\"read-more-btn\">D\u00e9couvrir<\/a><\/div><\/div><\/article><\/div><div class=\"card-wrapper\" data-index=\"1\"><article class=\"custom-card\"><div class=\"card-image\"><a href=\"https:\/\/synerg-in.com\/fr\/venue\/chateau-capion\/\"><img decoding=\"async\" src=\"https:\/\/synerg-in.com\/wp-content\/uploads\/2026\/02\/chateau-capion-domaine.webp\" alt=\"chateau-capion-domaine\"><\/a><\/div><div class=\"card-content\" data-button-position=\"right\"><div class=\"card-text-content\"><h3 class=\"card-title\"><a href=\"https:\/\/synerg-in.com\/fr\/venue\/chateau-capion\/\">chateau-capion-domaine<\/a><\/h3><\/div><div class=\"card-actions\"><a href=\"https:\/\/synerg-in.com\/fr\/venue\/chateau-capion\/\" class=\"read-more-btn\">D\u00e9couvrir<\/a><\/div><\/div><\/article><\/div><div class=\"card-wrapper\" data-index=\"2\"><article class=\"custom-card\"><div class=\"card-image\"><a href=\"https:\/\/synerg-in.com\/fr\/venue\/le-lili\/\"><img decoding=\"async\" src=\"https:\/\/synerg-in.com\/wp-content\/uploads\/2026\/01\/lili-683x1024.webp\" alt=\"lili\"><\/a><\/div><div class=\"card-content\" data-button-position=\"right\"><div class=\"card-text-content\"><h3 class=\"card-title\"><a href=\"https:\/\/synerg-in.com\/fr\/venue\/le-lili\/\">lili<\/a><\/h3><\/div><div class=\"card-actions\"><a href=\"https:\/\/synerg-in.com\/fr\/venue\/le-lili\/\" class=\"read-more-btn\">D\u00e9couvrir<\/a><\/div><\/div><\/article><\/div><div class=\"card-wrapper\" data-index=\"3\"><article class=\"custom-card\"><div class=\"card-image\"><a href=\"https:\/\/synerg-in.com\/fr\/venue\/le-terminal\/\"><img decoding=\"async\" src=\"https:\/\/synerg-in.com\/wp-content\/uploads\/2026\/01\/terminal.webp\" alt=\"Un concept raffin\u00e9, nomade, vintage et accueillant, offrant une exp\u00e9rience sensorielle et l&rsquo;atmosph\u00e8re chaleureuse et magique d&rsquo;un b\u00e2timent en pierre avec une d\u00e9coration sur mesure.\"><\/a><\/div><div class=\"card-content\" data-button-position=\"right\"><div class=\"card-text-content\"><h3 class=\"card-title\"><a href=\"https:\/\/synerg-in.com\/fr\/venue\/le-terminal\/\">Un concept raffin\u00e9, nomade, vintage et accueillant, offrant une exp\u00e9rience sensorielle et l&rsquo;atmosph\u00e8re chaleureuse et magique d&rsquo;un b\u00e2timent en pierre avec une d\u00e9coration sur mesure.<\/a><\/h3><\/div><div class=\"card-actions\"><a href=\"https:\/\/synerg-in.com\/fr\/venue\/le-terminal\/\" class=\"read-more-btn\">D\u00e9couvrir<\/a><\/div><\/div><\/article><\/div><div class=\"card-wrapper\" data-index=\"4\"><article class=\"custom-card\"><div class=\"card-image\"><a href=\"https:\/\/synerg-in.com\/fr\/venue\/tavola\/\"><img decoding=\"async\" src=\"https:\/\/synerg-in.com\/wp-content\/uploads\/2026\/01\/A-TAVOLA-AMBIANCE-6-1024x1024.webp\" alt=\"Ligne 3 &#8211; arr\u00eat Pablo Picasso &#8211; 10 minutes \u00e0 pied\"><\/a><\/div><div class=\"card-content\" data-button-position=\"right\"><div class=\"card-text-content\"><h3 class=\"card-title\"><a href=\"https:\/\/synerg-in.com\/fr\/venue\/tavola\/\">Ligne 3 &#8211; arr\u00eat Pablo Picasso &#8211; 10 minutes \u00e0 pied<\/a><\/h3><\/div><div class=\"card-actions\"><a href=\"https:\/\/synerg-in.com\/fr\/venue\/tavola\/\" class=\"read-more-btn\">D\u00e9couvrir<\/a><\/div><\/div><\/article><\/div><div class=\"card-wrapper\" data-index=\"5\"><article class=\"custom-card\"><div class=\"card-image\"><a href=\"https:\/\/synerg-in.com\/fr\/venue\/les-vedettes\/\"><img decoding=\"async\" src=\"https:\/\/synerg-in.com\/wp-content\/uploads\/2026\/01\/LES-VEDETTES-AMBIANCE-2.webp\" alt=\"LES VEDETTES AMBIANCE 2\"><\/a><\/div><div class=\"card-content\" data-button-position=\"right\"><div class=\"card-text-content\"><h3 class=\"card-title\"><a href=\"https:\/\/synerg-in.com\/fr\/venue\/les-vedettes\/\">LES VEDETTES AMBIANCE 2<\/a><\/h3><\/div><div class=\"card-actions\"><a href=\"https:\/\/synerg-in.com\/fr\/venue\/les-vedettes\/\" class=\"read-more-btn\">D\u00e9couvrir<\/a><\/div><\/div><\/article><\/div><div class=\"card-wrapper\" data-index=\"6\"><article class=\"custom-card\"><div class=\"card-image\"><a href=\"https:\/\/synerg-in.com\/fr\/venue\/bivouak-cafe\/\"><img decoding=\"async\" src=\"https:\/\/synerg-in.com\/wp-content\/uploads\/2026\/01\/Bivouak-Ambiance-2-1024x682.webp\" alt=\"Bivouak Ambiance\"><\/a><\/div><div class=\"card-content\" data-button-position=\"right\"><div class=\"card-text-content\"><h3 class=\"card-title\"><a href=\"https:\/\/synerg-in.com\/fr\/venue\/bivouak-cafe\/\">Bivouak Ambiance<\/a><\/h3><\/div><div class=\"card-actions\"><a href=\"https:\/\/synerg-in.com\/fr\/venue\/bivouak-cafe\/\" class=\"read-more-btn\">D\u00e9couvrir<\/a><\/div><\/div><\/article><\/div><div class=\"card-wrapper\" data-index=\"7\"><article class=\"custom-card\"><div class=\"card-image\"><a href=\"https:\/\/synerg-in.com\/fr\/venue\/toitoitmontoit\/\"><img decoding=\"async\" src=\"https:\/\/synerg-in.com\/wp-content\/uploads\/2026\/01\/Event-ToiToitMonToit-5.webp\" alt=\"Ligne 16 &#8211; Arr\u00eat Port Marianne &#8211; 15 minutes \u00e0 pied\"><\/a><\/div><div class=\"card-content\" data-button-position=\"right\"><div class=\"card-text-content\"><h3 class=\"card-title\"><a href=\"https:\/\/synerg-in.com\/fr\/venue\/toitoitmontoit\/\">Ligne 16 &#8211; Arr\u00eat Port Marianne &#8211; 15 minutes \u00e0 pied<\/a><\/h3><\/div><div class=\"card-actions\"><a href=\"https:\/\/synerg-in.com\/fr\/venue\/toitoitmontoit\/\" class=\"read-more-btn\">D\u00e9couvrir<\/a><\/div><\/div><\/article><\/div><div class=\"card-wrapper\" data-index=\"8\"><article class=\"custom-card\"><div class=\"card-image\"><a href=\"https:\/\/synerg-in.com\/fr\/venue\/la-notte\/\"><img decoding=\"async\" src=\"https:\/\/synerg-in.com\/wp-content\/uploads\/2026\/01\/la-notte-1024x683.webp\" alt=\"la-notte\"><\/a><\/div><div class=\"card-content\" data-button-position=\"right\"><div class=\"card-text-content\"><h3 class=\"card-title\"><a href=\"https:\/\/synerg-in.com\/fr\/venue\/la-notte\/\">la-notte<\/a><\/h3><\/div><div class=\"card-actions\"><a href=\"https:\/\/synerg-in.com\/fr\/venue\/la-notte\/\" class=\"read-more-btn\">D\u00e9couvrir<\/a><\/div><\/div><\/article><\/div><div class=\"card-wrapper\" data-index=\"9\"><article class=\"custom-card\"><div class=\"card-image\"><a href=\"https:\/\/synerg-in.com\/fr\/venue\/coyot-bar\/\"><img decoding=\"async\" src=\"https:\/\/synerg-in.com\/wp-content\/uploads\/2026\/01\/Coyot-Bar-Ambiance-3-1024x575.webp\" alt=\"Coyot Bar\"><\/a><\/div><div class=\"card-content\" data-button-position=\"right\"><div class=\"card-text-content\"><h3 class=\"card-title\"><a href=\"https:\/\/synerg-in.com\/fr\/venue\/coyot-bar\/\">Coyot Bar<\/a><\/h3><\/div><div class=\"card-actions\"><a href=\"https:\/\/synerg-in.com\/fr\/venue\/coyot-bar\/\" class=\"read-more-btn\">D\u00e9couvrir<\/a><\/div><\/div><\/article><\/div><div class=\"card-wrapper\" data-index=\"10\"><article class=\"custom-card\"><div class=\"card-image\"><a href=\"https:\/\/synerg-in.com\/fr\/venue\/muchacha\/\"><img decoding=\"async\" src=\"https:\/\/synerg-in.com\/wp-content\/uploads\/2026\/01\/muchacha.webp\" alt=\"Ligne 16 &#8211; arr\u00eat Port Marianne \/ 15 minutes \u00e0 pied\"><\/a><\/div><div class=\"card-content\" data-button-position=\"right\"><div class=\"card-text-content\"><h3 class=\"card-title\"><a href=\"https:\/\/synerg-in.com\/fr\/venue\/muchacha\/\">Ligne 16 &#8211; arr\u00eat Port Marianne \/ 15 minutes \u00e0 pied<\/a><\/h3><\/div><div class=\"card-actions\"><a href=\"https:\/\/synerg-in.com\/fr\/venue\/muchacha\/\" class=\"read-more-btn\">D\u00e9couvrir<\/a><\/div><\/div><\/article><\/div><div class=\"card-wrapper\" data-index=\"11\"><article class=\"custom-card\"><div class=\"card-image\"><a href=\"https:\/\/synerg-in.com\/fr\/venue\/les-rooftops-du-lez\/\"><img decoding=\"async\" src=\"https:\/\/synerg-in.com\/wp-content\/uploads\/2025\/12\/rooftop_du_lez.webp\" alt=\"France\"><\/a><\/div><div class=\"card-content\" data-button-position=\"right\"><div class=\"card-text-content\"><h3 class=\"card-title\"><a href=\"https:\/\/synerg-in.com\/fr\/venue\/les-rooftops-du-lez\/\">France<\/a><\/h3><\/div><div class=\"card-actions\"><a href=\"https:\/\/synerg-in.com\/fr\/venue\/les-rooftops-du-lez\/\" class=\"read-more-btn\">D\u00e9couvrir<\/a><\/div><\/div><\/article><\/div><div class=\"card-wrapper\" data-index=\"12\"><article class=\"custom-card\"><div class=\"card-image\"><a href=\"https:\/\/synerg-in.com\/fr\/venue\/la-maison-du-lez\/\"><img decoding=\"async\" src=\"https:\/\/synerg-in.com\/wp-content\/uploads\/2026\/03\/Womensday-4.webp\" alt=\"La Maison du Lez est un lieu d\u2019exception situ\u00e9 au c\u0153ur du March\u00e9 du Lez, un \u00e9co-espace artistique de 7\u202f550 m\u00b2 qui s\u2019impose comme l\u2019une des destinations les plus visit\u00e9es de Montpellier, juste apr\u00e8s le mus\u00e9e Fabre.\n\nNich\u00e9e dans un ancien mas proven\u00e7al qui servit autrefois d\u2019entrep\u00f4t agricole et industriel, puis d\u2019atelier d\u2019imprimerie, la Maison du Lez pr\u00e9serve son histoire authentique \u00e0 travers un am\u00e9nagement int\u00e9rieur unique. Son architecture industrielle se marie harmonieusement avec une d\u00e9coration contemporaine, vintage et moderne : un conteneur fait office de bar de r\u00e9ception, tandis que du mobilier \u00e9clectique, des \u00e9quipements de bureau anciens et de grandes plantes d\u2019int\u00e9rieur cr\u00e9ent une atmosph\u00e8re de d\u00e9paysement qui stimule la cr\u00e9ativit\u00e9 et favorise la collaboration lors d\u2019\u00e9v\u00e9nements professionnels.\"><\/a><\/div><div class=\"card-content\" data-button-position=\"right\"><div class=\"card-text-content\"><h3 class=\"card-title\"><a href=\"https:\/\/synerg-in.com\/fr\/venue\/la-maison-du-lez\/\">La Maison du Lez est un lieu d\u2019exception situ\u00e9 au c\u0153ur du March\u00e9 du Lez, un \u00e9co-espace artistique de 7\u202f550 m\u00b2 qui s\u2019impose comme l\u2019une des destinations les plus visit\u00e9es de Montpellier, juste apr\u00e8s le mus\u00e9e Fabre.\n\nNich\u00e9e dans un ancien mas proven\u00e7al qui servit autrefois d\u2019entrep\u00f4t agricole et industriel, puis d\u2019atelier d\u2019imprimerie, la Maison du Lez pr\u00e9serve son histoire authentique \u00e0 travers un am\u00e9nagement int\u00e9rieur unique. Son architecture industrielle se marie harmonieusement avec une d\u00e9coration contemporaine, vintage et moderne : un conteneur fait office de bar de r\u00e9ception, tandis que du mobilier \u00e9clectique, des \u00e9quipements de bureau anciens et de grandes plantes d\u2019int\u00e9rieur cr\u00e9ent une atmosph\u00e8re de d\u00e9paysement qui stimule la cr\u00e9ativit\u00e9 et favorise la collaboration lors d\u2019\u00e9v\u00e9nements professionnels.<\/a><\/h3><\/div><div class=\"card-actions\"><a href=\"https:\/\/synerg-in.com\/fr\/venue\/la-maison-du-lez\/\" class=\"read-more-btn\">D\u00e9couvrir<\/a><\/div><\/div><\/article><\/div><div class=\"card-wrapper\" data-index=\"13\"><article class=\"custom-card\"><div class=\"card-image\"><a href=\"https:\/\/synerg-in.com\/fr\/venue\/les-halles-du-lez\/\"><img decoding=\"async\" src=\"https:\/\/synerg-in.com\/wp-content\/uploads\/2025\/12\/AMBIANCE-HALLES-8-1024x769.webp\" alt=\"Halles du Lez\"><\/a><\/div><div class=\"card-content\" data-button-position=\"right\"><div class=\"card-text-content\"><h3 class=\"card-title\"><a href=\"https:\/\/synerg-in.com\/fr\/venue\/les-halles-du-lez\/\">Halles du Lez<\/a><\/h3><\/div><div class=\"card-actions\"><a href=\"https:\/\/synerg-in.com\/fr\/venue\/les-halles-du-lez\/\" class=\"read-more-btn\">D\u00e9couvrir<\/a><\/div><\/div><\/article><\/div><\/div><\/div>\t\t\t\t<\/div>\n\t\t\t\t<\/div>\n\t\t\t\t\t<\/div>\n\t\t\t\t<\/div>\n\t\t\t\t<\/div>\n\t\t","protected":false},"excerpt":{"rendered":"<p>espaces_lieux<\/p>\n","protected":false},"author":1,"featured_media":0,"parent":0,"menu_order":0,"comment_status":"closed","ping_status":"closed","template":"","meta":{"footnotes":""},"class_list":["post-10011","page","type-page","status-publish","hentry"],"yoast_head":"<!-- This site is optimized with the Yoast SEO Premium plugin v27.2 (Yoast SEO v27.5) - https:\/\/yoast.com\/product\/yoast-seo-premium-wordpress\/ -->\n<title>Spaces &amp; Places - Synerg-In Agency<\/title>\n<meta name=\"robots\" content=\"index, follow, max-snippet:-1, max-image-preview:large, max-video-preview:-1\" \/>\n<link rel=\"canonical\" href=\"https:\/\/synerg-in.com\/fr\/spaces-places\/\" \/>\n<meta property=\"og:locale\" content=\"fr_FR\" \/>\n<meta property=\"og:type\" content=\"article\" \/>\n<meta property=\"og:title\" content=\"Spaces &amp; Places\" \/>\n<meta property=\"og:description\" content=\"espaces_lieux\" \/>\n<meta property=\"og:url\" content=\"https:\/\/synerg-in.com\/fr\/spaces-places\/\" \/>\n<meta property=\"og:site_name\" content=\"Synerg-In Agency\" \/>\n<meta property=\"article:publisher\" content=\"https:\/\/www.facebook.com\/synerginagency\" \/>\n<meta property=\"article:modified_time\" content=\"2026-04-10T15:06:49+00:00\" \/>\n<meta property=\"og:image\" content=\"https:\/\/synerg-in.com\/wp-content\/uploads\/2026\/02\/chateau-capion-domaine.webp\" \/>\n<meta name=\"twitter:card\" content=\"summary_large_image\" \/>\n<script type=\"application\/ld+json\" class=\"yoast-schema-graph\">{\"@context\":\"https:\\\/\\\/schema.org\",\"@graph\":[{\"@type\":\"WebPage\",\"@id\":\"https:\\\/\\\/synerg-in.com\\\/fr\\\/spaces-places\\\/\",\"url\":\"https:\\\/\\\/synerg-in.com\\\/fr\\\/spaces-places\\\/\",\"name\":\"Spaces & Places - Synerg-In Agency\",\"isPartOf\":{\"@id\":\"https:\\\/\\\/synerg-in.com\\\/fr\\\/#website\"},\"primaryImageOfPage\":{\"@id\":\"https:\\\/\\\/synerg-in.com\\\/fr\\\/spaces-places\\\/#primaryimage\"},\"image\":{\"@id\":\"https:\\\/\\\/synerg-in.com\\\/fr\\\/spaces-places\\\/#primaryimage\"},\"thumbnailUrl\":\"https:\\\/\\\/synerg-in.com\\\/wp-content\\\/uploads\\\/2026\\\/02\\\/chateau-capion-domaine.webp\",\"datePublished\":\"2025-12-26T10:19:41+00:00\",\"dateModified\":\"2026-04-10T15:06:49+00:00\",\"breadcrumb\":{\"@id\":\"https:\\\/\\\/synerg-in.com\\\/fr\\\/spaces-places\\\/#breadcrumb\"},\"inLanguage\":\"fr-FR\",\"potentialAction\":[{\"@type\":\"ReadAction\",\"target\":[\"https:\\\/\\\/synerg-in.com\\\/fr\\\/spaces-places\\\/\"]}]},{\"@type\":\"ImageObject\",\"inLanguage\":\"fr-FR\",\"@id\":\"https:\\\/\\\/synerg-in.com\\\/fr\\\/spaces-places\\\/#primaryimage\",\"url\":\"https:\\\/\\\/synerg-in.com\\\/wp-content\\\/uploads\\\/2026\\\/02\\\/chateau-capion-domaine.webp\",\"contentUrl\":\"https:\\\/\\\/synerg-in.com\\\/wp-content\\\/uploads\\\/2026\\\/02\\\/chateau-capion-domaine.webp\"},{\"@type\":\"BreadcrumbList\",\"@id\":\"https:\\\/\\\/synerg-in.com\\\/fr\\\/spaces-places\\\/#breadcrumb\",\"itemListElement\":[{\"@type\":\"ListItem\",\"position\":1,\"name\":\"Home\",\"item\":\"https:\\\/\\\/synerg-in.com\\\/fr\\\/\"},{\"@type\":\"ListItem\",\"position\":2,\"name\":\"espaces_lieux\"}]},{\"@type\":\"WebSite\",\"@id\":\"https:\\\/\\\/synerg-in.com\\\/fr\\\/#website\",\"url\":\"https:\\\/\\\/synerg-in.com\\\/fr\\\/\",\"name\":\"Synerg-In Agency\",\"description\":\"The agency that boosts your brand 360\u00b0\",\"publisher\":{\"@id\":\"https:\\\/\\\/synerg-in.com\\\/fr\\\/#organization\"},\"potentialAction\":[{\"@type\":\"SearchAction\",\"target\":{\"@type\":\"EntryPoint\",\"urlTemplate\":\"https:\\\/\\\/synerg-in.com\\\/fr\\\/?s={search_term_string}\"},\"query-input\":{\"@type\":\"PropertyValueSpecification\",\"valueRequired\":true,\"valueName\":\"search_term_string\"}}],\"inLanguage\":\"fr-FR\"},{\"@type\":\"Organization\",\"@id\":\"https:\\\/\\\/synerg-in.com\\\/fr\\\/#organization\",\"name\":\"SAS Synerg-In Digital\",\"url\":\"https:\\\/\\\/synerg-in.com\\\/fr\\\/\",\"logo\":{\"@type\":\"ImageObject\",\"inLanguage\":\"fr-FR\",\"@id\":\"https:\\\/\\\/synerg-in.com\\\/fr\\\/#\\\/schema\\\/logo\\\/image\\\/\",\"url\":\"https:\\\/\\\/synerg-in.com\\\/wp-content\\\/uploads\\\/2026\\\/03\\\/SYN_LOGO_FINAL-06.webp\",\"contentUrl\":\"https:\\\/\\\/synerg-in.com\\\/wp-content\\\/uploads\\\/2026\\\/03\\\/SYN_LOGO_FINAL-06.webp\",\"width\":2233,\"height\":2132,\"caption\":\"SAS Synerg-In Digital\"},\"image\":{\"@id\":\"https:\\\/\\\/synerg-in.com\\\/fr\\\/#\\\/schema\\\/logo\\\/image\\\/\"},\"sameAs\":[\"https:\\\/\\\/www.facebook.com\\\/synerginagency\",\"https:\\\/\\\/www.instagram.com\\\/synerg_in\",\"https:\\\/\\\/fr.linkedin.com\\\/company\\\/synerg-in\"]}]}<\/script>\n<!-- \/ Yoast SEO Premium plugin. -->","yoast_head_json":{"title":"Spaces & Places - Synerg-In Agency","robots":{"index":"index","follow":"follow","max-snippet":"max-snippet:-1","max-image-preview":"max-image-preview:large","max-video-preview":"max-video-preview:-1"},"canonical":"https:\/\/synerg-in.com\/fr\/spaces-places\/","og_locale":"fr_FR","og_type":"article","og_title":"Spaces & Places","og_description":"espaces_lieux","og_url":"https:\/\/synerg-in.com\/fr\/spaces-places\/","og_site_name":"Synerg-In Agency","article_publisher":"https:\/\/www.facebook.com\/synerginagency","article_modified_time":"2026-04-10T15:06:49+00:00","og_image":[{"url":"https:\/\/synerg-in.com\/wp-content\/uploads\/2026\/02\/chateau-capion-domaine.webp","type":"","width":"","height":""}],"twitter_card":"summary_large_image","schema":{"@context":"https:\/\/schema.org","@graph":[{"@type":"WebPage","@id":"https:\/\/synerg-in.com\/fr\/spaces-places\/","url":"https:\/\/synerg-in.com\/fr\/spaces-places\/","name":"Spaces & Places - Synerg-In Agency","isPartOf":{"@id":"https:\/\/synerg-in.com\/fr\/#website"},"primaryImageOfPage":{"@id":"https:\/\/synerg-in.com\/fr\/spaces-places\/#primaryimage"},"image":{"@id":"https:\/\/synerg-in.com\/fr\/spaces-places\/#primaryimage"},"thumbnailUrl":"https:\/\/synerg-in.com\/wp-content\/uploads\/2026\/02\/chateau-capion-domaine.webp","datePublished":"2025-12-26T10:19:41+00:00","dateModified":"2026-04-10T15:06:49+00:00","breadcrumb":{"@id":"https:\/\/synerg-in.com\/fr\/spaces-places\/#breadcrumb"},"inLanguage":"fr-FR","potentialAction":[{"@type":"ReadAction","target":["https:\/\/synerg-in.com\/fr\/spaces-places\/"]}]},{"@type":"ImageObject","inLanguage":"fr-FR","@id":"https:\/\/synerg-in.com\/fr\/spaces-places\/#primaryimage","url":"https:\/\/synerg-in.com\/wp-content\/uploads\/2026\/02\/chateau-capion-domaine.webp","contentUrl":"https:\/\/synerg-in.com\/wp-content\/uploads\/2026\/02\/chateau-capion-domaine.webp"},{"@type":"BreadcrumbList","@id":"https:\/\/synerg-in.com\/fr\/spaces-places\/#breadcrumb","itemListElement":[{"@type":"ListItem","position":1,"name":"Home","item":"https:\/\/synerg-in.com\/fr\/"},{"@type":"ListItem","position":2,"name":"espaces_lieux"}]},{"@type":"WebSite","@id":"https:\/\/synerg-in.com\/fr\/#website","url":"https:\/\/synerg-in.com\/fr\/","name":"Synerg-In Agency","description":"The agency that boosts your brand 360\u00b0","publisher":{"@id":"https:\/\/synerg-in.com\/fr\/#organization"},"potentialAction":[{"@type":"SearchAction","target":{"@type":"EntryPoint","urlTemplate":"https:\/\/synerg-in.com\/fr\/?s={search_term_string}"},"query-input":{"@type":"PropertyValueSpecification","valueRequired":true,"valueName":"search_term_string"}}],"inLanguage":"fr-FR"},{"@type":"Organization","@id":"https:\/\/synerg-in.com\/fr\/#organization","name":"SAS Synerg-In Digital","url":"https:\/\/synerg-in.com\/fr\/","logo":{"@type":"ImageObject","inLanguage":"fr-FR","@id":"https:\/\/synerg-in.com\/fr\/#\/schema\/logo\/image\/","url":"https:\/\/synerg-in.com\/wp-content\/uploads\/2026\/03\/SYN_LOGO_FINAL-06.webp","contentUrl":"https:\/\/synerg-in.com\/wp-content\/uploads\/2026\/03\/SYN_LOGO_FINAL-06.webp","width":2233,"height":2132,"caption":"SAS Synerg-In Digital"},"image":{"@id":"https:\/\/synerg-in.com\/fr\/#\/schema\/logo\/image\/"},"sameAs":["https:\/\/www.facebook.com\/synerginagency","https:\/\/www.instagram.com\/synerg_in","https:\/\/fr.linkedin.com\/company\/synerg-in"]}]}},"_links":{"self":[{"href":"https:\/\/synerg-in.com\/fr\/wp-json\/wp\/v2\/pages\/10011","targetHints":{"allow":["GET"]}}],"collection":[{"href":"https:\/\/synerg-in.com\/fr\/wp-json\/wp\/v2\/pages"}],"about":[{"href":"https:\/\/synerg-in.com\/fr\/wp-json\/wp\/v2\/types\/page"}],"author":[{"embeddable":true,"href":"https:\/\/synerg-in.com\/fr\/wp-json\/wp\/v2\/users\/1"}],"replies":[{"embeddable":true,"href":"https:\/\/synerg-in.com\/fr\/wp-json\/wp\/v2\/comments?post=10011"}],"version-history":[{"count":6,"href":"https:\/\/synerg-in.com\/fr\/wp-json\/wp\/v2\/pages\/10011\/revisions"}],"predecessor-version":[{"id":10637,"href":"https:\/\/synerg-in.com\/fr\/wp-json\/wp\/v2\/pages\/10011\/revisions\/10637"}],"wp:attachment":[{"href":"https:\/\/synerg-in.com\/fr\/wp-json\/wp\/v2\/media?parent=10011"}],"curies":[{"name":"wp","href":"https:\/\/api.w.org\/{rel}","templated":true}]}}